{"id":2583,"date":"2022-01-12T17:55:35","date_gmt":"2022-01-12T17:55:35","guid":{"rendered":"https:\/\/sarahherpin.fr\/?page_id=2583"},"modified":"2022-01-21T16:43:53","modified_gmt":"2022-01-21T16:43:53","slug":"mon-parcours","status":"publish","type":"page","link":"https:\/\/sarahherpin.fr\/?page_id=2583","title":{"rendered":"Mon parcours"},"content":{"rendered":"\t\t<div data-elementor-type=\"wp-page\" data-elementor-id=\"2583\" class=\"elementor elementor-2583\" data-elementor-settings=\"[]\">\n\t\t\t\t\t\t\t<div class=\"elementor-section-wrap\">\n\t\t\t\t\t\t\t<section class=\"elementor-section elementor-top-section elementor-element elementor-element-1dea8f5a elementor-section-height-min-height elementor-section-boxed elementor-section-height-default elementor-section-items-middle\" data-id=\"1dea8f5a\" data-element_type=\"section\" data-settings=\"{&quot;background_background&quot;:&quot;classic&quot;}\">\n\t\t\t\t\t\t\t<div class=\"elementor-background-overlay\"><\/div>\n\t\t\t\t\t\t\t<div class=\"elementor-container elementor-column-gap-default\">\n\t\t\t\t\t<div class=\"elementor-column elementor-col-100 elementor-top-column elementor-element elementor-element-78145a10\" data-id=\"78145a10\" data-element_type=\"column\">\n\t\t\t<div class=\"elementor-widget-wrap elementor-element-populated\">\n\t\t\t\t\t\t\t\t<div class=\"elementor-element elementor-element-325e62a8 elementor-widget elementor-widget-heading\" data-id=\"325e62a8\" data-element_type=\"widget\" data-widget_type=\"heading.default\">\n\t\t\t\t<div class=\"elementor-widget-container\">\n\t\t\t<style>\/*! elementor - v3.5.5 - 03-02-2022 *\/\n.elementor-heading-title{padding:0;margin:0;line-height:1}.elementor-widget-heading .elementor-heading-title[class*=elementor-size-]>a{color:inherit;font-size:inherit;line-height:inherit}.elementor-widget-heading .elementor-heading-title.elementor-size-small{font-size:15px}.elementor-widget-heading .elementor-heading-title.elementor-size-medium{font-size:19px}.elementor-widget-heading .elementor-heading-title.elementor-size-large{font-size:29px}.elementor-widget-heading .elementor-heading-title.elementor-size-xl{font-size:39px}.elementor-widget-heading .elementor-heading-title.elementor-size-xxl{font-size:59px}<\/style><h1 class=\"elementor-heading-title elementor-size-default\">Mon parcours<\/h1>\t\t<\/div>\n\t\t\t\t<\/div>\n\t\t\t\t\t<\/div>\n\t\t<\/div>\n\t\t\t\t\t\t\t<\/div>\n\t\t<\/section>\n\t\t\t\t<section class=\"elementor-section elementor-top-section elementor-element elementor-element-51dfaa1a elementor-section-boxed elementor-section-height-default elementor-section-height-default\" data-id=\"51dfaa1a\" data-element_type=\"section\">\n\t\t\t\t\t\t<div class=\"elementor-container elementor-column-gap-default\">\n\t\t\t\t\t<div class=\"elementor-column elementor-col-100 elementor-top-column elementor-element elementor-element-5f9ae831\" data-id=\"5f9ae831\" data-element_type=\"column\">\n\t\t\t<div class=\"elementor-widget-wrap elementor-element-populated\">\n\t\t\t\t\t\t\t\t<section class=\"elementor-section elementor-inner-section elementor-element elementor-element-54ff4823 elementor-section-boxed elementor-section-height-default elementor-section-height-default\" data-id=\"54ff4823\" data-element_type=\"section\">\n\t\t\t\t\t\t<div class=\"elementor-container elementor-column-gap-default\">\n\t\t\t\t\t<div class=\"elementor-column elementor-col-100 elementor-inner-column elementor-element elementor-element-2f50ccfc\" data-id=\"2f50ccfc\" data-element_type=\"column\">\n\t\t\t<div class=\"elementor-widget-wrap elementor-element-populated\">\n\t\t\t\t\t\t\t\t<div class=\"elementor-element elementor-element-458bec77 elementor-widget elementor-widget-heading\" data-id=\"458bec77\" data-element_type=\"widget\" data-widget_type=\"heading.default\">\n\t\t\t\t<div class=\"elementor-widget-container\">\n\t\t\t<h3 class=\"elementor-heading-title elementor-size-default\"><span id=\"docs-internal-guid-d3f63ef3-7fff-2e85-b25f-23596ba28090\"><span style=\"font-size: 16pt; font-family: Arial; color: rgb(0, 0, 0); background-color: transparent; font-variant-numeric: normal; font-variant-east-asian: normal; vertical-align: baseline;\">Mon parcours de cuisini\u00e8re<\/span><\/span><\/h3>\t\t<\/div>\n\t\t\t\t<\/div>\n\t\t\t\t<div class=\"elementor-element elementor-element-6418e4c1 elementor-widget elementor-widget-text-editor\" data-id=\"6418e4c1\" data-element_type=\"widget\" data-widget_type=\"text-editor.default\">\n\t\t\t\t<div class=\"elementor-widget-container\">\n\t\t\t<style>\/*! elementor - v3.5.5 - 03-02-2022 *\/\n.elementor-widget-text-editor.elementor-drop-cap-view-stacked .elementor-drop-cap{background-color:#818a91;color:#fff}.elementor-widget-text-editor.elementor-drop-cap-view-framed .elementor-drop-cap{color:#818a91;border:3px solid;background-color:transparent}.elementor-widget-text-editor:not(.elementor-drop-cap-view-default) .elementor-drop-cap{margin-top:8px}.elementor-widget-text-editor:not(.elementor-drop-cap-view-default) .elementor-drop-cap-letter{width:1em;height:1em}.elementor-widget-text-editor .elementor-drop-cap{float:left;text-align:center;line-height:1;font-size:50px}.elementor-widget-text-editor .elementor-drop-cap-letter{display:inline-block}<\/style>\t\t\t\t<p><span style=\"font-weight: 400;\">En septembre 2016, \u00e0 28 ans, je me lance dans un CAP Cuisine. Je fais mes stages dans de belles maisons parisiennes engag\u00e9es o\u00f9 je ne cesse d&rsquo;apprendre.\u00a0<\/span><\/p><p><span style=\"font-weight: 400;\">A l&rsquo;Epi Dupin d&rsquo;abord, je d\u00e9couvre aux c\u00f4t\u00e9s du Chef Fran\u00e7ois Pasteau la duret\u00e9 de ce m\u00e9tier et le respect du produit. Rien ne se perd, tout se transforme.\u00a0<\/span><\/p><p><span style=\"font-weight: 400;\">Puis au Saturne, avec Sven Chartier et Lorenzo Lunghi, je fais mes premiers pas dans la cuisine \u00e9toil\u00e9e. Et des \u00e9toiles j&rsquo;en ai surtout plein les yeux et la bouche en m&rsquo;impr\u00e9gnant de leur savoir-faire si raffin\u00e9, o\u00f9 l&rsquo;humain a toute sa place.\u00a0<\/span><\/p><p><span style=\"font-weight: 400;\">De une \u00e9toile, je passe \u00e0 trois dans ce lieu qui a inspir\u00e9 toute ma reconversion : l&rsquo;Arp\u00e8ge. Et apr\u00e8s un stage haut en couleur, un r\u00eave se r\u00e9alise: je pars cuisiner aux c\u00f4t\u00e9s du grand Chef Alain Passard au c\u0153ur m\u00eame de ses potagers. Le Paradis. Durant trois ann\u00e9es, ce Chef formidable et sa seconde Marine Hervouet m\u2019ont transmis leur savoir-faire et l\u2019envie de mettre \u00e0 l\u2019honneur notre magnifique terroir. \u201cPas de citron dans le jardin? Utilisons l\u2019acidit\u00e9 de l\u2019oseille! \u201c. Encore aujourd\u2019hui, lorsque je cuisine \u00e0 ses c\u00f4t\u00e9s, il attise ma passion du v\u00e9g\u00e9tal et du beau geste.<\/span><\/p>\t\t\t\t\t\t<\/div>\n\t\t\t\t<\/div>\n\t\t\t\t\t<\/div>\n\t\t<\/div>\n\t\t\t\t\t\t\t<\/div>\n\t\t<\/section>\n\t\t\t\t\t<\/div>\n\t\t<\/div>\n\t\t\t\t\t\t\t<\/div>\n\t\t<\/section>\n\t\t\t\t<section class=\"elementor-section elementor-top-section elementor-element elementor-element-7f863df6 elementor-section-boxed elementor-section-height-default elementor-section-height-default\" data-id=\"7f863df6\" data-element_type=\"section\">\n\t\t\t\t\t\t<div class=\"elementor-container elementor-column-gap-default\">\n\t\t\t\t\t<div class=\"elementor-column elementor-col-100 elementor-top-column elementor-element elementor-element-1fd1b8d2\" data-id=\"1fd1b8d2\" data-element_type=\"column\">\n\t\t\t<div class=\"elementor-widget-wrap elementor-element-populated\">\n\t\t\t\t\t\t\t\t<div class=\"elementor-element elementor-element-7af6f1a9 elementor-widget elementor-widget-image\" data-id=\"7af6f1a9\" data-element_type=\"widget\" data-widget_type=\"image.default\">\n\t\t\t\t<div class=\"elementor-widget-container\">\n\t\t\t<style>\/*! elementor - v3.5.5 - 03-02-2022 *\/\n.elementor-widget-image{text-align:center}.elementor-widget-image a{display:inline-block}.elementor-widget-image a img[src$=\".svg\"]{width:48px}.elementor-widget-image img{vertical-align:middle;display:inline-block}<\/style>\t\t\t\t\t\t\t\t\t\t\t\t<img loading=\"lazy\" decoding=\"async\" width=\"1067\" height=\"1600\" src=\"https:\/\/sarahherpin.fr\/wp-content\/uploads\/2022\/01\/IMG-20180618-WA0008.jpg\" class=\"attachment-full size-full\" alt=\"\" srcset=\"https:\/\/sarahherpin.fr\/wp-content\/uploads\/2022\/01\/IMG-20180618-WA0008.jpg 1067w, https:\/\/sarahherpin.fr\/wp-content\/uploads\/2022\/01\/IMG-20180618-WA0008-200x300.jpg 200w, https:\/\/sarahherpin.fr\/wp-content\/uploads\/2022\/01\/IMG-20180618-WA0008-683x1024.jpg 683w, https:\/\/sarahherpin.fr\/wp-content\/uploads\/2022\/01\/IMG-20180618-WA0008-768x1152.jpg 768w, https:\/\/sarahherpin.fr\/wp-content\/uploads\/2022\/01\/IMG-20180618-WA0008-1024x1536.jpg 1024w, https:\/\/sarahherpin.fr\/wp-content\/uploads\/2022\/01\/IMG-20180618-WA0008-16x24.jpg 16w, https:\/\/sarahherpin.fr\/wp-content\/uploads\/2022\/01\/IMG-20180618-WA0008-24x36.jpg 24w, https:\/\/sarahherpin.fr\/wp-content\/uploads\/2022\/01\/IMG-20180618-WA0008-32x48.jpg 32w\" sizes=\"auto, (max-width: 1067px) 100vw, 1067px\" \/>\t\t\t\t\t\t\t\t\t\t\t\t\t\t\t<\/div>\n\t\t\t\t<\/div>\n\t\t\t\t<section class=\"elementor-section elementor-inner-section elementor-element elementor-element-1ac3b07e elementor-section-boxed elementor-section-height-default elementor-section-height-default\" data-id=\"1ac3b07e\" data-element_type=\"section\">\n\t\t\t\t\t\t<div class=\"elementor-container elementor-column-gap-default\">\n\t\t\t\t\t<div class=\"elementor-column elementor-col-100 elementor-inner-column elementor-element elementor-element-66e9b45a\" data-id=\"66e9b45a\" data-element_type=\"column\">\n\t\t\t<div class=\"elementor-widget-wrap elementor-element-populated\">\n\t\t\t\t\t\t\t\t<div class=\"elementor-element elementor-element-74dedf71 elementor-widget elementor-widget-heading\" data-id=\"74dedf71\" data-element_type=\"widget\" data-widget_type=\"heading.default\">\n\t\t\t\t<div class=\"elementor-widget-container\">\n\t\t\t<h3 class=\"elementor-heading-title elementor-size-default\">Une jardini\u00e8re en herbe\n<\/h3>\t\t<\/div>\n\t\t\t\t<\/div>\n\t\t\t\t<div class=\"elementor-element elementor-element-6c2a096b elementor-widget elementor-widget-text-editor\" data-id=\"6c2a096b\" data-element_type=\"widget\" data-widget_type=\"text-editor.default\">\n\t\t\t\t<div class=\"elementor-widget-container\">\n\t\t\t\t\t\t\t<p><span style=\"font-weight: 400;\">J\u2019adore les jardins. Les regarder, les sentir. S\u00fbrement parce que je baigne dedans depuis toute petite. Il y a d\u2019abord eu celui de ma Maman, magnifique avec toutes ces fleurs color\u00e9es, et surtout tout l\u2019amour qu\u2019elle met dedans. Celui de mon grand-p\u00e8re, tenu au cordeau! Je me rappelle de ses pieds de tomates cerise g\u00e9ants et de son verger qui me r\u00e9galait.\u00a0<\/span><\/p><p><span style=\"font-weight: 400;\">Pendant un long voyage, il y en a eu des dizaines d\u2019autres, multicolores, assurant souvent l\u2019autonomie de ses cultivateurs, respectant bien souvent les r\u00e8gles de base du vivant. Je me suis largement inspir\u00e9e de leurs techniques pour commencer d\u00e8s mon retour en France mon potager en permaculture.<\/span><\/p><p><span style=\"font-weight: 400;\">Voil\u00e0 4 ans que je l\u2019exp\u00e9rimente et \u00e7a commence \u00e0 porter ses fruits!\u00a0<\/span><\/p><p><span style=\"font-weight: 400;\">Je me r\u00e9jouis de voir mes r\u00e9coltes de l\u00e9gumes racines, l\u00e9gumes fruits, l\u00e9gumineuses et pommes de terre augmenter chaque ann\u00e9e. On trouve aussi dans mon jardin potager quelques arbres fruitiers et des fruits rouges. Autant que possible, je partage cette r\u00e9colte dans mes assiettes!<\/span><\/p><p><span style=\"font-weight: 400;\">Aujourd&rsquo;hui, toutes les plantes aromatiques et fleurs comestibles de ma cuisine, et j&rsquo;en mets un paquet, viennent de mon jardin et&#8230;.de mes cueillettes sauvages!\u00a0<\/span><\/p>\t\t\t\t\t\t<\/div>\n\t\t\t\t<\/div>\n\t\t\t\t\t<\/div>\n\t\t<\/div>\n\t\t\t\t\t\t\t<\/div>\n\t\t<\/section>\n\t\t\t\t\t<\/div>\n\t\t<\/div>\n\t\t\t\t\t\t\t<\/div>\n\t\t<\/section>\n\t\t\t\t<section class=\"elementor-section elementor-top-section elementor-element elementor-element-56aba124 elementor-section-boxed elementor-section-height-default elementor-section-height-default\" data-id=\"56aba124\" data-element_type=\"section\">\n\t\t\t\t\t\t<div class=\"elementor-container elementor-column-gap-default\">\n\t\t\t\t\t<div class=\"elementor-column elementor-col-100 elementor-top-column elementor-element elementor-element-597e1f39\" data-id=\"597e1f39\" data-element_type=\"column\">\n\t\t\t<div class=\"elementor-widget-wrap elementor-element-populated\">\n\t\t\t\t\t\t\t\t<div class=\"elementor-element elementor-element-54e00cb8 elementor-widget elementor-widget-image\" data-id=\"54e00cb8\" data-element_type=\"widget\" data-widget_type=\"image.default\">\n\t\t\t\t<div class=\"elementor-widget-container\">\n\t\t\t\t\t\t\t\t\t\t\t\t\t\t\t<img loading=\"lazy\" decoding=\"async\" width=\"2560\" height=\"1709\" src=\"https:\/\/sarahherpin.fr\/wp-content\/uploads\/2022\/01\/DSC_6982-scaled.jpg\" class=\"attachment-full size-full\" alt=\"\" srcset=\"https:\/\/sarahherpin.fr\/wp-content\/uploads\/2022\/01\/DSC_6982-scaled.jpg 2560w, https:\/\/sarahherpin.fr\/wp-content\/uploads\/2022\/01\/DSC_6982-300x200.jpg 300w, https:\/\/sarahherpin.fr\/wp-content\/uploads\/2022\/01\/DSC_6982-1024x684.jpg 1024w, https:\/\/sarahherpin.fr\/wp-content\/uploads\/2022\/01\/DSC_6982-768x513.jpg 768w, https:\/\/sarahherpin.fr\/wp-content\/uploads\/2022\/01\/DSC_6982-1536x1025.jpg 1536w, https:\/\/sarahherpin.fr\/wp-content\/uploads\/2022\/01\/DSC_6982-2048x1367.jpg 2048w, https:\/\/sarahherpin.fr\/wp-content\/uploads\/2022\/01\/DSC_6982-24x16.jpg 24w, https:\/\/sarahherpin.fr\/wp-content\/uploads\/2022\/01\/DSC_6982-36x24.jpg 36w, https:\/\/sarahherpin.fr\/wp-content\/uploads\/2022\/01\/DSC_6982-48x32.jpg 48w\" sizes=\"auto, (max-width: 2560px) 100vw, 2560px\" \/>\t\t\t\t\t\t\t\t\t\t\t\t\t\t\t<\/div>\n\t\t\t\t<\/div>\n\t\t\t\t<section class=\"elementor-section elementor-inner-section elementor-element elementor-element-5a73972b elementor-section-boxed elementor-section-height-default elementor-section-height-default\" data-id=\"5a73972b\" data-element_type=\"section\">\n\t\t\t\t\t\t<div class=\"elementor-container elementor-column-gap-default\">\n\t\t\t\t\t<div class=\"elementor-column elementor-col-100 elementor-inner-column elementor-element elementor-element-31a008d5\" data-id=\"31a008d5\" data-element_type=\"column\">\n\t\t\t<div class=\"elementor-widget-wrap elementor-element-populated\">\n\t\t\t\t\t\t\t\t<div class=\"elementor-element elementor-element-52084af7 elementor-widget elementor-widget-heading\" data-id=\"52084af7\" data-element_type=\"widget\" data-widget_type=\"heading.default\">\n\t\t\t\t<div class=\"elementor-widget-container\">\n\t\t\t<h3 class=\"elementor-heading-title elementor-size-default\">Une cueilleuse sauvage \n<\/h3>\t\t<\/div>\n\t\t\t\t<\/div>\n\t\t\t\t<div class=\"elementor-element elementor-element-3b3d25b3 elementor-widget elementor-widget-text-editor\" data-id=\"3b3d25b3\" data-element_type=\"widget\" data-widget_type=\"text-editor.default\">\n\t\t\t\t<div class=\"elementor-widget-container\">\n\t\t\t\t\t\t\t<p><span style=\"font-weight: 400;\">L&rsquo;une de mes activit\u00e9s pr\u00e9f\u00e9r\u00e9es, partir \u00e0 la chasse aux tr\u00e9sors comestibles partout o\u00f9 je me balade. Chaque saison a son lot de cadeaux. L&rsquo;ail des ours et les pens\u00e9es au printemps, la salicorne en \u00e9t\u00e9, les ch\u00e2taignes et la r\u00e9colte du maceron (poivre des marais) \u00e0 l&rsquo;automne, les nombrils de v\u00e9nus en hiver.\u00a0 Et j&rsquo;en passe bien s\u00fbr. La nature est si g\u00e9n\u00e9reuse! J&rsquo;aime vous faire partager dans mes assiettes ses saveurs puissantes et sauvages.\u00a0<\/span><\/p>\t\t\t\t\t\t<\/div>\n\t\t\t\t<\/div>\n\t\t\t\t\t<\/div>\n\t\t<\/div>\n\t\t\t\t\t\t\t<\/div>\n\t\t<\/section>\n\t\t\t\t\t<\/div>\n\t\t<\/div>\n\t\t\t\t\t\t\t<\/div>\n\t\t<\/section>\n\t\t\t\t<section class=\"elementor-section elementor-top-section elementor-element elementor-element-2ac54922 elementor-section-boxed elementor-section-height-default elementor-section-height-default\" data-id=\"2ac54922\" data-element_type=\"section\">\n\t\t\t\t\t\t<div class=\"elementor-container elementor-column-gap-default\">\n\t\t\t\t\t<div class=\"elementor-column elementor-col-100 elementor-top-column elementor-element elementor-element-79e18407\" data-id=\"79e18407\" data-element_type=\"column\">\n\t\t\t<div class=\"elementor-widget-wrap elementor-element-populated\">\n\t\t\t\t\t\t\t\t<div class=\"elementor-element elementor-element-5495c102 elementor-widget elementor-widget-image\" data-id=\"5495c102\" data-element_type=\"widget\" data-widget_type=\"image.default\">\n\t\t\t\t<div class=\"elementor-widget-container\">\n\t\t\t\t\t\t\t\t\t\t\t\t\t\t\t<img loading=\"lazy\" decoding=\"async\" width=\"1069\" height=\"1081\" src=\"https:\/\/sarahherpin.fr\/wp-content\/uploads\/2022\/01\/DSC_4492-e1642013871988.jpg\" class=\"attachment-full size-full\" alt=\"\" srcset=\"https:\/\/sarahherpin.fr\/wp-content\/uploads\/2022\/01\/DSC_4492-e1642013871988.jpg 1069w, https:\/\/sarahherpin.fr\/wp-content\/uploads\/2022\/01\/DSC_4492-e1642013871988-297x300.jpg 297w, https:\/\/sarahherpin.fr\/wp-content\/uploads\/2022\/01\/DSC_4492-e1642013871988-1013x1024.jpg 1013w, https:\/\/sarahherpin.fr\/wp-content\/uploads\/2022\/01\/DSC_4492-e1642013871988-768x777.jpg 768w, https:\/\/sarahherpin.fr\/wp-content\/uploads\/2022\/01\/DSC_4492-e1642013871988-24x24.jpg 24w, https:\/\/sarahherpin.fr\/wp-content\/uploads\/2022\/01\/DSC_4492-e1642013871988-36x36.jpg 36w, https:\/\/sarahherpin.fr\/wp-content\/uploads\/2022\/01\/DSC_4492-e1642013871988-48x48.jpg 48w\" sizes=\"auto, (max-width: 1069px) 100vw, 1069px\" \/>\t\t\t\t\t\t\t\t\t\t\t\t\t\t\t<\/div>\n\t\t\t\t<\/div>\n\t\t\t\t<section class=\"elementor-section elementor-inner-section elementor-element elementor-element-555f79eb elementor-section-boxed elementor-section-height-default elementor-section-height-default\" data-id=\"555f79eb\" data-element_type=\"section\">\n\t\t\t\t\t\t<div class=\"elementor-container elementor-column-gap-default\">\n\t\t\t\t\t<div class=\"elementor-column elementor-col-100 elementor-inner-column elementor-element elementor-element-424e1ebe\" data-id=\"424e1ebe\" data-element_type=\"column\">\n\t\t\t<div class=\"elementor-widget-wrap elementor-element-populated\">\n\t\t\t\t\t\t\t\t<div class=\"elementor-element elementor-element-1c89ca0c elementor-widget elementor-widget-heading\" data-id=\"1c89ca0c\" data-element_type=\"widget\" data-widget_type=\"heading.default\">\n\t\t\t\t<div class=\"elementor-widget-container\">\n\t\t\t<h3 class=\"elementor-heading-title elementor-size-default\">Comment en suis-je arriv\u00e9e l\u00e0?<\/h3>\t\t<\/div>\n\t\t\t\t<\/div>\n\t\t\t\t<div class=\"elementor-element elementor-element-5dbc253b elementor-widget elementor-widget-text-editor\" data-id=\"5dbc253b\" data-element_type=\"widget\" data-widget_type=\"text-editor.default\">\n\t\t\t\t<div class=\"elementor-widget-container\">\n\t\t\t\t\t\t\t<p><span style=\"font-weight: 400;\">J\u2019ai tatonn\u00e9 pour en arriver-l\u00e0. Pourtant la graine \u00e9tait sem\u00e9e depuis bien longtemps.\u00a0<\/span><\/p><p><span style=\"font-weight: 400;\">J\u2019ai grandi dans le Loiret, en plein milieu des champs, de la for\u00eat et d\u2019une famille amoureuse de la nature. Ma Maman, des plantes, mon Papa, des animaux. Apr\u00e8s les cabanes dans les arbres, la cueillette de centaines de bouquets et un amour inconditionnel pour mes deux poules B\u00e9ca et Roussi, arrive l\u2019\u00e2ge adulte. Je me lance dans des \u00e9tudes de management et gestion. Tr\u00e8s vite, je me rends compte que mes envies sont bien diff\u00e9rentes de celles des autres \u00e9l\u00e8ves. J\u2019oriente tous mes stages dans la restauration et le tourisme. Avec Mathilde, mon amie cuisini\u00e8re, qui chaque jour m\u2019a transmis un peu de sa passion pour la cuisine, on nous confie la gestion d\u2019un \u00e9colodge en plein milieu de l\u2019Amazonie br\u00e9silienne. Mon coeur explose: je redouble d\u2019amour pour notre m\u00e8re Nature, je suis accros aux fruits et l\u00e9gumes, j\u2019aime de plus en plus cuisiner, le voyage et la soif de d\u00e9couvertes me donnent des ailes.<\/span><\/p><p><span style=\"font-weight: 400;\">Je rentre en France et je renfloue les caisses avec un poste de responsable merchandising pour une marque de magasins bios. Je peux ainsi, trois ann\u00e9es plus tard, repartir \u00e0 l\u2019aventure! Pendant pr\u00e8s d\u2019un an et demi, je vis \u00e0 travers l\u2019Afrique, l\u2019Am\u00e9rique du Sud et le Pacifique un voyage initiatique bouleversant de saveurs, de couleurs et de partage sous l&rsquo;\u0153il protecteur de notre sublime Terre nourrici\u00e8re. Au bout de quelques mois de vadrouille, c\u2019est une \u00e9vidence:\u00a0 mon m\u00e9tier d\u00e9sormais ce sera la cuisine! Mais pas n&rsquo;importe laquelle! Avec des produits profond\u00e9ment respectueux de notre plan\u00e8te, des hommes et de notre sant\u00e9.\u00a0<\/span><\/p>\t\t\t\t\t\t<\/div>\n\t\t\t\t<\/div>\n\t\t\t\t<div class=\"elementor-element elementor-element-085096b elementor-widget elementor-widget-image\" data-id=\"085096b\" data-element_type=\"widget\" data-widget_type=\"image.default\">\n\t\t\t\t<div class=\"elementor-widget-container\">\n\t\t\t\t\t\t\t\t\t\t\t\t\t\t\t<img loading=\"lazy\" decoding=\"async\" width=\"2560\" height=\"1709\" src=\"https:\/\/sarahherpin.fr\/wp-content\/uploads\/2022\/01\/DSC_9013-scaled.jpg\" class=\"attachment-full size-full\" alt=\"\" srcset=\"https:\/\/sarahherpin.fr\/wp-content\/uploads\/2022\/01\/DSC_9013-scaled.jpg 2560w, https:\/\/sarahherpin.fr\/wp-content\/uploads\/2022\/01\/DSC_9013-300x200.jpg 300w, https:\/\/sarahherpin.fr\/wp-content\/uploads\/2022\/01\/DSC_9013-1024x684.jpg 1024w, https:\/\/sarahherpin.fr\/wp-content\/uploads\/2022\/01\/DSC_9013-768x513.jpg 768w, https:\/\/sarahherpin.fr\/wp-content\/uploads\/2022\/01\/DSC_9013-1536x1025.jpg 1536w, https:\/\/sarahherpin.fr\/wp-content\/uploads\/2022\/01\/DSC_9013-2048x1367.jpg 2048w, https:\/\/sarahherpin.fr\/wp-content\/uploads\/2022\/01\/DSC_9013-24x16.jpg 24w, https:\/\/sarahherpin.fr\/wp-content\/uploads\/2022\/01\/DSC_9013-36x24.jpg 36w, https:\/\/sarahherpin.fr\/wp-content\/uploads\/2022\/01\/DSC_9013-48x32.jpg 48w\" sizes=\"auto, (max-width: 2560px) 100vw, 2560px\" \/>\t\t\t\t\t\t\t\t\t\t\t\t\t\t\t<\/div>\n\t\t\t\t<\/div>\n\t\t\t\t\t<\/div>\n\t\t<\/div>\n\t\t\t\t\t\t\t<\/div>\n\t\t<\/section>\n\t\t\t\t\t<\/div>\n\t\t<\/div>\n\t\t\t\t\t\t\t<\/div>\n\t\t<\/section>\n\t\t\t\t<section class=\"elementor-section elementor-top-section elementor-element elementor-element-73b305ad elementor-section-boxed elementor-section-height-default elementor-section-height-default\" data-id=\"73b305ad\" data-element_type=\"section\">\n\t\t\t\t\t\t<div class=\"elementor-container elementor-column-gap-default\">\n\t\t\t\t\t<div class=\"elementor-column elementor-col-100 elementor-top-column elementor-element elementor-element-60ec1df9\" data-id=\"60ec1df9\" data-element_type=\"column\">\n\t\t\t<div class=\"elementor-widget-wrap elementor-element-populated\">\n\t\t\t\t\t\t\t\t<div class=\"elementor-element elementor-element-28c633d8 elementor-align-center elementor-widget elementor-widget-button\" data-id=\"28c633d8\" data-element_type=\"widget\" data-widget_type=\"button.default\">\n\t\t\t\t<div class=\"elementor-widget-container\">\n\t\t\t\t\t<div class=\"elementor-button-wrapper\">\n\t\t\t<a href=\"https:\/\/sarahherpin.fr\/?page_id=2358\" class=\"elementor-button-link elementor-button elementor-size-sm\" role=\"button\">\n\t\t\t\t\t\t<span class=\"elementor-button-content-wrapper\">\n\t\t\t\t\t\t<span class=\"elementor-button-text\">Me contacter<\/span>\n\t\t<\/span>\n\t\t\t\t\t<\/a>\n\t\t<\/div>\n\t\t\t\t<\/div>\n\t\t\t\t<\/div>\n\t\t\t\t\t<\/div>\n\t\t<\/div>\n\t\t\t\t\t\t\t<\/div>\n\t\t<\/section>\n\t\t\t\t\t\t<\/div>\n\t\t\t\t\t<\/div>\n\t\t","protected":false},"excerpt":{"rendered":"<p>Mon parcours Mon parcours de cuisini\u00e8re En septembre 2016, \u00e0 28 ans, je me lance dans un CAP Cuisine. Je fais mes stages dans de belles maisons parisiennes engag\u00e9es o\u00f9 je ne cesse d&rsquo;apprendre.\u00a0 A l&rsquo;Epi Dupin d&rsquo;abord, je d\u00e9couvre aux c\u00f4t\u00e9s du Chef Fran\u00e7ois Pasteau la duret\u00e9 de ce m\u00e9tier et le respect du &hellip;<\/p>\n<p class=\"read-more\"> <a class=\"\" href=\"https:\/\/sarahherpin.fr\/?page_id=2583\"> <span class=\"screen-reader-text\">Mon parcours<\/span> Lire la suite\u00a0\u00bb<\/a><\/p>\n","protected":false},"author":1,"featured_media":0,"parent":0,"menu_order":0,"comment_status":"closed","ping_status":"closed","template":"","meta":{"site-sidebar-layout":"no-sidebar","site-content-layout":"page-builder","ast-main-header-display":"","ast-hfb-above-header-display":"","ast-hfb-below-header-display":"","ast-hfb-mobile-header-display":"","site-post-title":"disabled","ast-breadcrumbs-content":"","ast-featured-img":"disabled","footer-sml-layout":"","theme-transparent-header-meta":"","adv-header-id-meta":"","stick-header-meta":"","header-above-stick-meta":"","header-main-stick-meta":"","header-below-stick-meta":"","footnotes":""},"class_list":["post-2583","page","type-page","status-publish","hentry"],"_links":{"self":[{"href":"https:\/\/sarahherpin.fr\/index.php?rest_route=\/wp\/v2\/pages\/2583","targetHints":{"allow":["GET"]}}],"collection":[{"href":"https:\/\/sarahherpin.fr\/index.php?rest_route=\/wp\/v2\/pages"}],"about":[{"href":"https:\/\/sarahherpin.fr\/index.php?rest_route=\/wp\/v2\/types\/page"}],"author":[{"embeddable":true,"href":"https:\/\/sarahherpin.fr\/index.php?rest_route=\/wp\/v2\/users\/1"}],"replies":[{"embeddable":true,"href":"https:\/\/sarahherpin.fr\/index.php?rest_route=%2Fwp%2Fv2%2Fcomments&post=2583"}],"version-history":[{"count":37,"href":"https:\/\/sarahherpin.fr\/index.php?rest_route=\/wp\/v2\/pages\/2583\/revisions"}],"predecessor-version":[{"id":3722,"href":"https:\/\/sarahherpin.fr\/index.php?rest_route=\/wp\/v2\/pages\/2583\/revisions\/3722"}],"wp:attachment":[{"href":"https:\/\/sarahherpin.fr\/index.php?rest_route=%2Fwp%2Fv2%2Fmedia&parent=2583"}],"curies":[{"name":"wp","href":"https:\/\/api.w.org\/{rel}","templated":true}]}}